{"id":35002,"date":"2025-05-19T14:13:40","date_gmt":"2025-05-19T12:13:40","guid":{"rendered":"http:\/\/localhost:8000\/?page_id=35002"},"modified":"2026-03-19T06:57:16","modified_gmt":"2026-03-19T05:57:16","slug":"unternehmen","status":"publish","type":"page","link":"https:\/\/www.doerig-kreier.ch\/de\/unternehmen\/","title":{"rendered":"Unternehmen"},"content":{"rendered":"<p>[et_pb_section fb_built=&#8220;1&#8243; admin_label=&#8220;Woo Section 12&#8243; module_class=&#8220;header-image-mod&#8220; _builder_version=&#8220;4.27.4&#8243; _module_preset=&#8220;default&#8220; background_image=&#8220;https:\/\/doerig-kreier.ch\/wp-content\/uploads\/2025\/08\/firmengebaeude_v2-scaled.jpg&#8220; background_position=&#8220;bottom_center&#8220; background_vertical_offset=&#8220;32%&#8220; locked=&#8220;off&#8220; global_colors_info=&#8220;{}&#8220;][et_pb_row use_custom_gutter=&#8220;on&#8220; gutter_width=&#8220;1&#8243; _builder_version=&#8220;4.27.4&#8243; _module_preset=&#8220;default&#8220; width=&#8220;90%&#8220; custom_padding=&#8220;0px||0px||true|false&#8220; custom_css_main_element=&#8220;display: flex;||flex-wrap: wrap;||align-items: center;&#8220; global_colors_info=&#8220;{}&#8220;][et_pb_column type=&#8220;4_4&#8243; _builder_version=&#8220;4.17.0&#8243; _module_preset=&#8220;default&#8220; global_colors_info=&#8220;{}&#8220;][et_pb_text admin_label=&#8220;Women Summer Wear Sale&#8220; _builder_version=&#8220;4.27.4&#8243; _module_preset=&#8220;default&#8220; header_2_font=&#8220;|600||on|||||&#8220; header_2_text_color=&#8220;#000000&#8243; header_2_font_size=&#8220;50px&#8220; header_2_line_height=&#8220;1.3em&#8220; header_3_font=&#8220;|||on|||||&#8220; header_3_text_color=&#8220;#e2224e&#8220; header_3_font_size=&#8220;16px&#8220; header_3_letter_spacing=&#8220;5px&#8220; header_3_line_height=&#8220;1.3em&#8220; custom_margin=&#8220;||20px||false|false&#8220; custom_margin_tablet=&#8220;||||false|false&#8220; custom_margin_last_edited=&#8220;off|tablet&#8220; custom_padding_last_edited=&#8220;off|tablet&#8220; header_2_font_size_tablet=&#8220;40px&#8220; header_2_font_size_phone=&#8220;30px&#8220; header_2_font_size_last_edited=&#8220;on|phone&#8220; header_3_font_size_tablet=&#8220;14px&#8220; header_3_font_size_phone=&#8220;14px&#8220; header_3_font_size_last_edited=&#8220;on|desktop&#8220; text_orientation_tablet=&#8220;center&#8220; text_orientation_phone=&#8220;center&#8220; text_orientation_last_edited=&#8220;on|tablet&#8220; locked=&#8220;off&#8220; global_colors_info=&#8220;{}&#8220;]<\/p>\n<h2>unser Unternehmen<\/h2>\n<p><span>wertig. echt. einzigartig.<\/span><\/p>\n<p>[\/et_pb_text][\/et_pb_column][\/et_pb_row][\/et_pb_section][et_pb_section fb_built=&#8220;1&#8243; admin_label=&#8220;Woo Section 12&#8243; module_class=&#8220;group-teaser-2&#8243; _builder_version=&#8220;4.27.4&#8243; _module_preset=&#8220;default&#8220; custom_padding=&#8220;||||true|false&#8220; locked=&#8220;off&#8220; global_colors_info=&#8220;{}&#8220;][et_pb_row use_custom_gutter=&#8220;on&#8220; gutter_width=&#8220;1&#8243; _builder_version=&#8220;4.27.4&#8243; _module_preset=&#8220;default&#8220; width=&#8220;90%&#8220; custom_padding=&#8220;0px||0px||true|false&#8220; custom_css_main_element=&#8220;display: flex;||flex-wrap: wrap;||align-items: center;&#8220; global_colors_info=&#8220;{}&#8220;][et_pb_column type=&#8220;4_4&#8243; _builder_version=&#8220;4.17.0&#8243; _module_preset=&#8220;default&#8220; global_colors_info=&#8220;{}&#8220;][et_pb_text admin_label=&#8220;Women Summer Wear Sale&#8220; _builder_version=&#8220;4.27.4&#8243; _module_preset=&#8220;default&#8220; header_2_font=&#8220;|600||on|||||&#8220; header_2_text_color=&#8220;#000000&#8243; header_2_font_size=&#8220;50px&#8220; header_2_line_height=&#8220;1.3em&#8220; header_3_font=&#8220;|||on|||||&#8220; header_3_text_color=&#8220;#e2224e&#8220; header_3_font_size=&#8220;16px&#8220; header_3_letter_spacing=&#8220;5px&#8220; header_3_line_height=&#8220;1.3em&#8220; custom_margin=&#8220;||20px||false|false&#8220; custom_margin_tablet=&#8220;||||false|false&#8220; custom_margin_last_edited=&#8220;off|tablet&#8220; custom_padding_last_edited=&#8220;off|tablet&#8220; header_2_font_size_tablet=&#8220;40px&#8220; header_2_font_size_phone=&#8220;30px&#8220; header_2_font_size_last_edited=&#8220;on|phone&#8220; header_3_font_size_tablet=&#8220;14px&#8220; header_3_font_size_phone=&#8220;14px&#8220; header_3_font_size_last_edited=&#8220;on|desktop&#8220; text_orientation_tablet=&#8220;center&#8220; text_orientation_phone=&#8220;center&#8220; text_orientation_last_edited=&#8220;on|tablet&#8220; locked=&#8220;off&#8220; global_colors_info=&#8220;{}&#8220;]<\/p>\n<h2>Schweizer Textiltradition<\/h2>\n<h3>seit \u00dcber 100 JAHREN<\/h3>\n<p>[\/et_pb_text][\/et_pb_column][\/et_pb_row][et_pb_row column_structure=&#8220;1_2,1_2&#8243; _builder_version=&#8220;4.27.4&#8243; _module_preset=&#8220;default&#8220; custom_padding=&#8220;||||true|false&#8220; global_colors_info=&#8220;{}&#8220;][et_pb_column type=&#8220;1_2&#8243; _builder_version=&#8220;4.20.4&#8243; _module_preset=&#8220;default&#8220; global_colors_info=&#8220;{}&#8220;][et_pb_text _builder_version=&#8220;4.27.4&#8243; _module_preset=&#8220;default&#8220; global_colors_info=&#8220;{}&#8220;]<\/p>\n<p>Die Handstickerei wurde im 18. Jahrhundert in der Ostschweiz eingef\u00fchrt und entwickelte sich rasch zu einem bedeutenden Wirtschaftszweig in Appenzell. \u2028Die Stickerinnen spezialisierten sich auf die kunstvolle Plattstichstickerei, die dank der Pariser Mode europaweit gefragt war. Grosse Modeh\u00e4user lieferten Entw\u00fcrfe, die in Heimarbeit umgesetzt wurden \u2013 meist von Frauen und M\u00e4dchen. Ab 1889 sorgten Fachkurse f\u00fcr Qualit\u00e4t und Nachwuchs. Zwischen 1870 und 1930 arbeiteten \u00fcber ein Drittel der Innerrhoder Erwerbst\u00e4tigen in der Heimstickerei.<\/p>\n<p>[\/et_pb_text][\/et_pb_column][et_pb_column type=&#8220;1_2&#8243; _builder_version=&#8220;4.17.0&#8243; _module_preset=&#8220;default&#8220; global_colors_info=&#8220;{}&#8220;][et_pb_text admin_label=&#8220;Women Summer Wear Sale&#8220; _builder_version=&#8220;4.27.4&#8243; _module_preset=&#8220;default&#8220; header_2_font=&#8220;|600||on|||||&#8220; header_2_text_color=&#8220;#000000&#8243; header_2_font_size=&#8220;50px&#8220; header_2_line_height=&#8220;1.3em&#8220; header_3_font=&#8220;|||on|||||&#8220; header_3_text_color=&#8220;#e2224e&#8220; header_3_font_size=&#8220;16px&#8220; header_3_letter_spacing=&#8220;5px&#8220; header_3_line_height=&#8220;1.3em&#8220; custom_margin=&#8220;||20px||false|false&#8220; custom_margin_tablet=&#8220;||||false|false&#8220; custom_margin_last_edited=&#8220;off|tablet&#8220; custom_padding_last_edited=&#8220;off|tablet&#8220; header_2_font_size_tablet=&#8220;40px&#8220; header_2_font_size_phone=&#8220;30px&#8220; header_2_font_size_last_edited=&#8220;on|phone&#8220; header_3_font_size_tablet=&#8220;14px&#8220; header_3_font_size_phone=&#8220;14px&#8220; header_3_font_size_last_edited=&#8220;on|desktop&#8220; text_orientation_tablet=&#8220;left&#8220; text_orientation_phone=&#8220;left&#8220; text_orientation_last_edited=&#8220;off|phone&#8220; locked=&#8220;off&#8220; global_colors_info=&#8220;{}&#8220;]<\/p>\n<p>Die DOERIG + KREIER AG blickt auf eine \u00fcber 100-j\u00e4hrige Tradition zur\u00fcck. 1923 begann Albert Doerig sen. mit handbestickten Taschent\u00fcchern. 1957 \u00fcbernahm sein Sohn das Gesch\u00e4ft und gr\u00fcndete die DOERIG TASCHENT\u00dcCHER AG. Mit der \u00dcbernahme von A. G\u00fcnther &amp; Co. (1973) und MAX KREIER AG (1979) wurde das Sortiment laufend erweitert. 1995 fusionierten die Firmen zur DOERIG + KREIER AG. Roman Schmid, seit 1978 im Betrieb, \u00fcbernahm 2009 die Gesch\u00e4ftsleitung und 2013 die Aktienmehrheit. Das Unternehmen ist heute ein f\u00fchrender Anbieter von Schweizer Textiltradition.<\/p>\n<p>[\/et_pb_text][\/et_pb_column][\/et_pb_row][\/et_pb_section][et_pb_section fb_built=&#8220;1&#8243; module_class=&#8220;group-teaser-3 group-teaser-team&#8220; _builder_version=&#8220;4.27.4&#8243; _module_preset=&#8220;default&#8220; global_colors_info=&#8220;{}&#8220;][et_pb_row _builder_version=&#8220;4.27.4&#8243; _module_preset=&#8220;default&#8220; global_colors_info=&#8220;{}&#8220;][et_pb_column type=&#8220;4_4&#8243; _builder_version=&#8220;4.27.4&#8243; _module_preset=&#8220;default&#8220; global_colors_info=&#8220;{}&#8220;][et_pb_text _builder_version=&#8220;4.27.4&#8243; _module_preset=&#8220;default&#8220; global_colors_info=&#8220;{}&#8220;]<\/p>\n<h4>unser Team<\/h4>\n<p>[\/et_pb_text][\/et_pb_column][\/et_pb_row][et_pb_row column_structure=&#8220;1_4,1_4,1_4,1_4&#8243; _builder_version=&#8220;4.27.4&#8243; _module_preset=&#8220;default&#8220; global_colors_info=&#8220;{}&#8220;][et_pb_column type=&#8220;1_4&#8243; _builder_version=&#8220;4.27.4&#8243; _module_preset=&#8220;default&#8220; global_colors_info=&#8220;{}&#8220;][et_pb_image src=&#8220;https:\/\/doerig-kreier.ch\/wp-content\/uploads\/2025\/06\/portrait_roman_schmid.jpg&#8220; title_text=&#8220;portrait_roman_schmid&#8220; _builder_version=&#8220;4.27.4&#8243; _module_preset=&#8220;default&#8220; global_colors_info=&#8220;{}&#8220;][\/et_pb_image][et_pb_text module_class=&#8220;address&#8220; _builder_version=&#8220;4.27.4&#8243; _module_preset=&#8220;default&#8220; custom_margin=&#8220;20px||||false|false&#8220; global_colors_info=&#8220;{}&#8220;]<\/p>\n<p><strong>Roman Schmid<br \/><\/strong>Leitung Verkauf<br \/><a href=\"mailto:roman.schmid@doerig-kreier.ch\">Email senden<\/a><\/p>\n<p>[\/et_pb_text][\/et_pb_column][et_pb_column type=&#8220;1_4&#8243; _builder_version=&#8220;4.27.4&#8243; _module_preset=&#8220;default&#8220; global_colors_info=&#8220;{}&#8220;][et_pb_image src=&#8220;https:\/\/doerig-kreier.ch\/wp-content\/uploads\/2025\/06\/portrait_falk_hartmann.jpg&#8220; title_text=&#8220;portrait_falk_hartmann&#8220; _builder_version=&#8220;4.27.4&#8243; _module_preset=&#8220;default&#8220; global_colors_info=&#8220;{}&#8220;][\/et_pb_image][et_pb_text module_class=&#8220;address&#8220; _builder_version=&#8220;4.27.4&#8243; _module_preset=&#8220;default&#8220; custom_margin=&#8220;20px||||false|false&#8220; global_colors_info=&#8220;{}&#8220;]<\/p>\n<p><strong>Falk Hartmann<br \/><\/strong>Gesch\u00e4ftsf\u00fchrung<br \/>Leitung Produktion<br \/><a href=\"mailto:falk.hartmann@doerig-kreier.ch\">Email senden<\/a><\/p>\n<p>[\/et_pb_text][et_pb_text module_class=&#8220;address&#8220; _builder_version=&#8220;4.27.4&#8243; _module_preset=&#8220;default&#8220; custom_margin=&#8220;20px||||false|false&#8220; global_colors_info=&#8220;{}&#8220;][\/et_pb_text][\/et_pb_column][et_pb_column type=&#8220;1_4&#8243; _builder_version=&#8220;4.27.4&#8243; _module_preset=&#8220;default&#8220; global_colors_info=&#8220;{}&#8220;][et_pb_image src=&#8220;https:\/\/doerig-kreier.ch\/wp-content\/uploads\/2025\/06\/portrait_edina_salihovic.jpg&#8220; title_text=&#8220;portrait_edina_salihovic&#8220; _builder_version=&#8220;4.27.4&#8243; _module_preset=&#8220;default&#8220; global_colors_info=&#8220;{}&#8220;][\/et_pb_image][et_pb_text module_class=&#8220;address&#8220; _builder_version=&#8220;4.27.4&#8243; _module_preset=&#8220;default&#8220; custom_margin=&#8220;20px||||false|false&#8220; global_colors_info=&#8220;{}&#8220;]<\/p>\n<p><strong>Edina Salihovic<br \/><\/strong>Stv. Gesch\u00e4ftsf\u00fchrung Leitung HR \/ Debitoren \/ Kreditoren<br \/><a href=\"mailto:edina.salihovic@doerig-kreier.ch\">Email senden<\/a><\/p>\n<p>[\/et_pb_text][\/et_pb_column][et_pb_column type=&#8220;1_4&#8243; _builder_version=&#8220;4.27.4&#8243; _module_preset=&#8220;default&#8220; global_colors_info=&#8220;{}&#8220;][\/et_pb_column][\/et_pb_row][\/et_pb_section][et_pb_section fb_built=&#8220;1&#8243; admin_label=&#8220;Woo Section 12&#8243; module_class=&#8220;bg-image-mod-2&#8243; _builder_version=&#8220;4.27.4&#8243; _module_preset=&#8220;default&#8220; background_image=&#8220;https:\/\/doerig-kreier.ch\/wp-content\/uploads\/2025\/05\/typisch-appenzell.jpg&#8220; background_position=&#8220;top_center&#8220; custom_padding=&#8220;0px||0px||true|false&#8220; custom_css_main_element=&#8220;display: flex;||flex-wrap; wrap;&#8220; locked=&#8220;off&#8220; global_colors_info=&#8220;{}&#8220;][et_pb_row use_custom_gutter=&#8220;on&#8220; gutter_width=&#8220;1&#8243; _builder_version=&#8220;4.27.4&#8243; _module_preset=&#8220;default&#8220; width=&#8220;90%&#8220; custom_padding=&#8220;0px||0px||true|false&#8220; custom_css_main_element=&#8220;display: flex;||flex-wrap: wrap;||align-items: center;&#8220; global_colors_info=&#8220;{}&#8220;][et_pb_column type=&#8220;4_4&#8243; _builder_version=&#8220;4.17.0&#8243; _module_preset=&#8220;default&#8220; global_colors_info=&#8220;{}&#8220;][et_pb_text admin_label=&#8220;Women Summer Wear Sale&#8220; module_class=&#8220;title-text&#8220; _builder_version=&#8220;4.27.4&#8243; _module_preset=&#8220;default&#8220; header_2_font=&#8220;|600||on|||||&#8220; header_2_text_color=&#8220;#000000&#8243; header_2_font_size=&#8220;50px&#8220; header_2_line_height=&#8220;1.3em&#8220; header_3_font=&#8220;|||on|||||&#8220; header_3_text_color=&#8220;#e2224e&#8220; header_3_font_size=&#8220;16px&#8220; header_3_letter_spacing=&#8220;5px&#8220; header_3_line_height=&#8220;1.3em&#8220; custom_margin=&#8220;||50px||false|false&#8220; custom_margin_tablet=&#8220;||||false|false&#8220; custom_margin_last_edited=&#8220;off|tablet&#8220; custom_padding_last_edited=&#8220;off|tablet&#8220; header_2_font_size_tablet=&#8220;40px&#8220; header_2_font_size_phone=&#8220;30px&#8220; header_2_font_size_last_edited=&#8220;on|phone&#8220; header_3_font_size_tablet=&#8220;14px&#8220; header_3_font_size_phone=&#8220;14px&#8220; header_3_font_size_last_edited=&#8220;on|desktop&#8220; text_orientation_tablet=&#8220;center&#8220; text_orientation_phone=&#8220;center&#8220; text_orientation_last_edited=&#8220;on|tablet&#8220; locked=&#8220;off&#8220; global_colors_info=&#8220;{}&#8220;]<\/p>\n<h2>typisch appenzellisch<\/h2>\n<p>[\/et_pb_text][et_pb_text admin_label=&#8220;Women Summer Wear Sale&#8220; _builder_version=&#8220;4.27.4&#8243; _module_preset=&#8220;default&#8220; header_2_font=&#8220;|600||on|||||&#8220; header_2_text_color=&#8220;#000000&#8243; header_2_font_size=&#8220;50px&#8220; header_2_line_height=&#8220;1.3em&#8220; header_3_font=&#8220;|||on|||||&#8220; header_3_text_color=&#8220;#e2224e&#8220; header_3_font_size=&#8220;16px&#8220; header_3_letter_spacing=&#8220;5px&#8220; header_3_line_height=&#8220;1.3em&#8220; custom_margin=&#8220;||20px||false|false&#8220; custom_margin_tablet=&#8220;||||false|false&#8220; custom_margin_last_edited=&#8220;off|tablet&#8220; custom_padding_last_edited=&#8220;off|tablet&#8220; header_2_font_size_tablet=&#8220;40px&#8220; header_2_font_size_phone=&#8220;30px&#8220; header_2_font_size_last_edited=&#8220;on|phone&#8220; header_3_font_size_tablet=&#8220;14px&#8220; header_3_font_size_phone=&#8220;14px&#8220; header_3_font_size_last_edited=&#8220;on|desktop&#8220; text_orientation_tablet=&#8220;left&#8220; text_orientation_phone=&#8220;left&#8220; text_orientation_last_edited=&#8220;off|tablet&#8220; locked=&#8220;off&#8220; global_colors_info=&#8220;{}&#8220;]<\/p>\n<p><span>Wo gr\u00fcne H\u00fcgel auf schroffe Gipfel treffen und Tradition gelebt wird.\u2028Textilien &amp; Souvenirs mit Charakter aus dem Herzen der Schweiz.<\/span><\/p>\n<p>[\/et_pb_text][\/et_pb_column][\/et_pb_row][\/et_pb_section]<\/p>\n","protected":false},"excerpt":{"rendered":"<p>unser Unternehmen wertig. echt. einzigartig.Schweizer Textiltradition seit \u00dcber 100 JAHRENDie Handstickerei wurde im 18. Jahrhundert in der Ostschweiz eingef\u00fchrt und entwickelte sich rasch zu einem bedeutenden Wirtschaftszweig in Appenzell. \u2028Die Stickerinnen spezialisierten sich auf die kunstvolle Plattstichstickerei, die dank der Pariser Mode europaweit gefragt war. Grosse Modeh\u00e4user lieferten Entw\u00fcrfe, die in Heimarbeit umgesetzt wurden \u2013 [&hellip;]<\/p>\n","protected":false},"author":1,"featured_media":0,"parent":0,"menu_order":0,"comment_status":"closed","ping_status":"closed","template":"","meta":{"_acf_changed":false,"_et_pb_use_builder":"on","_et_pb_old_content":"","_et_gb_content_width":"","footnotes":""},"class_list":["post-35002","page","type-page","status-publish","hentry"],"acf":[],"_links":{"self":[{"href":"https:\/\/www.doerig-kreier.ch\/de\/wp-json\/wp\/v2\/pages\/35002","targetHints":{"allow":["GET"]}}],"collection":[{"href":"https:\/\/www.doerig-kreier.ch\/de\/wp-json\/wp\/v2\/pages"}],"about":[{"href":"https:\/\/www.doerig-kreier.ch\/de\/wp-json\/wp\/v2\/types\/page"}],"author":[{"embeddable":true,"href":"https:\/\/www.doerig-kreier.ch\/de\/wp-json\/wp\/v2\/users\/1"}],"replies":[{"embeddable":true,"href":"https:\/\/www.doerig-kreier.ch\/de\/wp-json\/wp\/v2\/comments?post=35002"}],"version-history":[{"count":43,"href":"https:\/\/www.doerig-kreier.ch\/de\/wp-json\/wp\/v2\/pages\/35002\/revisions"}],"predecessor-version":[{"id":50720,"href":"https:\/\/www.doerig-kreier.ch\/de\/wp-json\/wp\/v2\/pages\/35002\/revisions\/50720"}],"wp:attachment":[{"href":"https:\/\/www.doerig-kreier.ch\/de\/wp-json\/wp\/v2\/media?parent=35002"}],"curies":[{"name":"wp","href":"https:\/\/api.w.org\/{rel}","templated":true}]}}